{"version":"1.0","provider_name":"ANDERA PARTNERS","provider_url":"https:\/\/www.anderapartners.com\/fr\/","author_name":"Nicolas Delsert","author_url":"https:\/\/www.anderapartners.com\/fr\/author\/n-delsert\/","title":"Andera c\u00e8de sa participation dans le groupe Intech - ANDERA PARTNERS","type":"rich","width":600,"height":338,"html":"<blockquote class=\"wp-embedded-content\" data-secret=\"a8I353yfuL\"><a href=\"https:\/\/www.anderapartners.com\/fr\/andera-cede-sa-participation-dans-le-groupe-intech\/\">Andera c\u00e8de sa participation dans le groupe Intech<\/a><\/blockquote><iframe sandbox=\"allow-scripts\" security=\"restricted\" src=\"https:\/\/www.anderapartners.com\/fr\/andera-cede-sa-participation-dans-le-groupe-intech\/embed\/#?secret=a8I353yfuL\" width=\"600\" height=\"338\" title=\"\u00ab\u00a0Andera c\u00e8de sa participation dans le groupe Intech\u00a0\u00bb &#8212; ANDERA PARTNERS\" data-secret=\"a8I353yfuL\" frameborder=\"0\" marginwidth=\"0\" marginheight=\"0\" scrolling=\"no\" class=\"wp-embedded-content\"><\/iframe><script type=\"text\/javascript\">\n\/* <![CDATA[ *\/\n\/*! This file is auto-generated *\/\n!function(d,l){\"use strict\";l.querySelector&&d.addEventListener&&\"undefined\"!=typeof URL&&(d.wp=d.wp||{},d.wp.receiveEmbedMessage||(d.wp.receiveEmbedMessage=function(e){var t=e.data;if((t||t.secret||t.message||t.value)&&!\/[^a-zA-Z0-9]\/.test(t.secret)){for(var s,r,n,a=l.querySelectorAll('iframe[data-secret=\"'+t.secret+'\"]'),o=l.querySelectorAll('blockquote[data-secret=\"'+t.secret+'\"]'),c=new RegExp(\"^https?:$\",\"i\"),i=0;i<o.length;i++)o[i].style.display=\"none\";for(i=0;i<a.length;i++)s=a[i],e.source===s.contentWindow&&(s.removeAttribute(\"style\"),\"height\"===t.message?(1e3<(r=parseInt(t.value,10))?r=1e3:~~r<200&&(r=200),s.height=r):\"link\"===t.message&&(r=new URL(s.getAttribute(\"src\")),n=new URL(t.value),c.test(n.protocol))&&n.host===r.host&&l.activeElement===s&&(d.top.location.href=t.value))}},d.addEventListener(\"message\",d.wp.receiveEmbedMessage,!1),l.addEventListener(\"DOMContentLoaded\",function(){for(var e,t,s=l.querySelectorAll(\"iframe.wp-embedded-content\"),r=0;r<s.length;r++)(t=(e=s[r]).getAttribute(\"data-secret\"))||(t=Math.random().toString(36).substring(2,12),e.src+=\"#?secret=\"+t,e.setAttribute(\"data-secret\",t)),e.contentWindow.postMessage({message:\"ready\",secret:t},\"*\")},!1)))}(window,document);\n\/* ]]> *\/\n<\/script>\n","description":"Depuis son entr\u00e9e au capital en 2017, aux c\u00f4t\u00e9s d\u2019Eurazeo, l\u2019\u00e9quipe Andera Expansion a accompagn\u00e9 le management dans le changement d\u2019\u00e9chelle du groupe en lui apportant les moyens humains et financiers n\u00e9cessaires \u00e0 son d\u00e9veloppement, contribuant ainsi \u00e0 plus que doubler son activit\u00e9 en seulement 4 ans. Intech a ainsi renforc\u00e9 son positionnement de leader..."}